{"id":229,"date":"2017-07-12T09:58:56","date_gmt":"2017-07-12T09:58:56","guid":{"rendered":"http:\/\/centrebadr.net\/?post_type=cpt_services&#038;p=229"},"modified":"2024-11-05T20:55:06","modified_gmt":"2024-11-06T01:55:06","slug":"funeral","status":"publish","type":"cpt_services","link":"https:\/\/centrebadr.net\/ar\/services\/funeral\/","title":{"rendered":"Pri\u00e8re de Janaza"},"content":{"rendered":"<h3>Pri\u00e8re de Janaza<\/h3>\n<p>Le Centre Islamique Badr accompagne les familles dans l\u2019organisation de la pri\u00e8re de Janaza, offrant un soutien et un accompagnement spirituel dans ce moment difficile. Pour plus de renseignements ou pour organiser une pri\u00e8re, veuillez contacter le centre.<\/p>\n<p><strong><span style=\"color: #db9e30;\">Services propos\u00e9s:<\/span><\/strong><\/p>\n<ul class=\"trx_addons_list_dot\">\n<li><strong>Pr\u00e9paration et organisation de la pri\u00e8re de Janaza<\/strong> : Nos \u00e9quipes veillent au respect des rites en offrant un accompagnement spirituel \u00e0 la famille du d\u00e9funt.<\/li>\n<li><strong>Annonces communautaires<\/strong> : Les informations sur les pri\u00e8res de Janaza sont communiqu\u00e9es \u00e0 la communaut\u00e9 pour permettre aux fid\u00e8les de se rassembler et d\u2019offrir leurs pri\u00e8res.<\/li>\n<\/ul>\n<p><strong><span style=\"color: #db9e30;\">Information suppl\u00e9mentaires:<\/span><\/strong><\/p>\n<p>Pour organiser une pri\u00e8re de Janaza ou pour toute information compl\u00e9mentaire, veuillez contacter le Centre Islamique Badr. Nous sommes l\u00e0 pour vous accompagner dans ce moment de recueillement et de pri\u00e8re.<\/p>","protected":false},"excerpt":{"rendered":"<p>Le Centre Islamique Badr organise la pri\u00e8re de Janaza pour accompagner les familles et la communaut\u00e9.<\/p>","protected":false},"author":1,"featured_media":0,"comment_status":"closed","ping_status":"closed","template":"","class_list":["post-229","cpt_services","type-cpt_services","status-publish","hentry","cpt_services_group-services-cib"],"_links":{"self":[{"href":"https:\/\/centrebadr.net\/ar\/wp-json\/wp\/v2\/cpt_services\/229","targetHints":{"allow":["GET"]}}],"collection":[{"href":"https:\/\/centrebadr.net\/ar\/wp-json\/wp\/v2\/cpt_services"}],"about":[{"href":"https:\/\/centrebadr.net\/ar\/wp-json\/wp\/v2\/types\/cpt_services"}],"author":[{"embeddable":true,"href":"https:\/\/centrebadr.net\/ar\/wp-json\/wp\/v2\/users\/1"}],"replies":[{"embeddable":true,"href":"https:\/\/centrebadr.net\/ar\/wp-json\/wp\/v2\/comments?post=229"}],"wp:attachment":[{"href":"https:\/\/centrebadr.net\/ar\/wp-json\/wp\/v2\/media?parent=229"}],"curies":[{"name":"wp","href":"https:\/\/api.w.org\/{rel}","templated":true}]}}