{"id":4414,"date":"2024-11-20T18:35:39","date_gmt":"2024-11-20T23:35:39","guid":{"rendered":"http:\/\/centrebadr.net\/?post_type=cpt_services&#038;p=4414"},"modified":"2025-06-11T23:28:10","modified_gmt":"2025-06-12T03:28:10","slug":"programmes-pour-jeunes","status":"publish","type":"cpt_services","link":"https:\/\/centrebadr.net\/ar\/services\/programmes-pour-jeunes\/","title":{"rendered":"Programmes Pour Jeunes"},"content":{"rendered":"<div class=\"wpb-content-wrapper\"><div class=\"vc_row wpb_row vc_row-fluid\"><div class=\"wpb_column vc_column_container vc_col-sm-12 sc_layouts_column_icons_position_left\"><div class=\"vc_column-inner\"><div class=\"wpb_wrapper\"><div class=\"vc_tta-container\" data-vc-action=\"collapse\"><div class=\"vc_general vc_tta vc_tta-tabs vc_tta-color-grey vc_tta-style-classic vc_tta-shape-rounded vc_tta-spacing-1 vc_tta-tabs-position-top vc_tta-controls-align-left\"><div class=\"vc_tta-tabs-container\"><ul class=\"vc_tta-tabs-list\"><li class=\"vc_tta-tab vc_active\" data-vc-tab><a href=\"#1500025245926-7339f406-39f1\" data-vc-tabs data-vc-container=\".vc_tta\"><span class=\"vc_tta-title-text\">\u00c9cole Coranique<\/span><\/a><\/li><li class=\"vc_tta-tab\" data-vc-tab><a href=\"#1731562784658-b91c40d7-70a8\" data-vc-tabs data-vc-container=\".vc_tta\"><span class=\"vc_tta-title-text\">Mes Premiers Pas Vers la Foi<\/span><\/a><\/li><li class=\"vc_tta-tab\" data-vc-tab><a href=\"#1731623106154-9b5d1816-d623\" data-vc-tabs data-vc-container=\".vc_tta\"><span class=\"vc_tta-title-text\">Cours de Coran - Sheikh Soulimane<\/span><\/a><\/li><li class=\"vc_tta-tab\" data-vc-tab><a href=\"#1732147683667-afcbc1e5-af8b\" data-vc-tabs data-vc-container=\".vc_tta\"><span class=\"vc_tta-title-text\">Connais ton Proph\u00e8te \ufdfa<\/span><\/a><\/li><\/ul><\/div><div class=\"vc_tta-panels-container\"><div class=\"vc_tta-panels\"><div class=\"vc_tta-panel vc_active\" id=\"1500025245926-7339f406-39f1\" data-vc-content=\".vc_tta-panel-body\"><div class=\"vc_tta-panel-heading\"><h4 class=\"vc_tta-panel-title\"><a href=\"#1500025245926-7339f406-39f1\" data-vc-accordion data-vc-container=\".vc_tta-container\"><span class=\"vc_tta-title-text\">\u00c9cole Coranique<\/span><\/a><\/h4><\/div><div class=\"vc_tta-panel-body\">\n\t<div  class=\"wpb_single_image wpb_content_element vc_align_center wpb_content_element\">\n\t\t\n\t\t<figure class=\"wpb_wrapper vc_figure\">\n\t\t\t<div class=\"vc_single_image-wrapper   vc_box_border_grey\"><img fetchpriority=\"high\" decoding=\"async\" width=\"4590\" height=\"1604\" src=\"https:\/\/centrebadr.net\/wp-content\/uploads\/2017\/07\/\u0627\u0646-\u0647\u0630\u0627-\u0627\u0644\u0642\u0631\u0627\u0646.png\" class=\"vc_single_image-img attachment-full\" alt=\"\" title=\"\u0627\u0646 \u0647\u0630\u0627 \u0627\u0644\u0642\u0631\u0627\u0646\" srcset=\"https:\/\/centrebadr.net\/wp-content\/uploads\/2017\/07\/\u0627\u0646-\u0647\u0630\u0627-\u0627\u0644\u0642\u0631\u0627\u0646.png 4590w, https:\/\/centrebadr.net\/wp-content\/uploads\/2017\/07\/\u0627\u0646-\u0647\u0630\u0627-\u0627\u0644\u0642\u0631\u0627\u0646-300x105.png 300w, https:\/\/centrebadr.net\/wp-content\/uploads\/2017\/07\/\u0627\u0646-\u0647\u0630\u0627-\u0627\u0644\u0642\u0631\u0627\u0646-1024x358.png 1024w, https:\/\/centrebadr.net\/wp-content\/uploads\/2017\/07\/\u0627\u0646-\u0647\u0630\u0627-\u0627\u0644\u0642\u0631\u0627\u0646-768x268.png 768w, https:\/\/centrebadr.net\/wp-content\/uploads\/2017\/07\/\u0627\u0646-\u0647\u0630\u0627-\u0627\u0644\u0642\u0631\u0627\u0646-1536x537.png 1536w, https:\/\/centrebadr.net\/wp-content\/uploads\/2017\/07\/\u0627\u0646-\u0647\u0630\u0627-\u0627\u0644\u0642\u0631\u0627\u0646-2048x716.png 2048w, https:\/\/centrebadr.net\/wp-content\/uploads\/2017\/07\/\u0627\u0646-\u0647\u0630\u0627-\u0627\u0644\u0642\u0631\u0627\u0646-370x129.png 370w, https:\/\/centrebadr.net\/wp-content\/uploads\/2017\/07\/\u0627\u0646-\u0647\u0630\u0627-\u0627\u0644\u0642\u0631\u0627\u0646-760x266.png 760w, https:\/\/centrebadr.net\/wp-content\/uploads\/2017\/07\/\u0627\u0646-\u0647\u0630\u0627-\u0627\u0644\u0642\u0631\u0627\u0646-24x8.png 24w, https:\/\/centrebadr.net\/wp-content\/uploads\/2017\/07\/\u0627\u0646-\u0647\u0630\u0627-\u0627\u0644\u0642\u0631\u0627\u0646-36x13.png 36w, https:\/\/centrebadr.net\/wp-content\/uploads\/2017\/07\/\u0627\u0646-\u0647\u0630\u0627-\u0627\u0644\u0642\u0631\u0627\u0646-48x17.png 48w\" sizes=\"(max-width: 4590px) 100vw, 4590px\" \/><\/div>\n\t\t<\/figure>\n\t<\/div>\n<div class=\"vc_separator wpb_content_element vc_separator_align_center vc_sep_width_100 vc_sep_pos_align_center vc_separator_no_text vc_sep_color_grey wpb_content_element  wpb_content_element\" ><span class=\"vc_sep_holder vc_sep_holder_l\"><span class=\"vc_sep_line\"><\/span><\/span><span class=\"vc_sep_holder vc_sep_holder_r\"><span class=\"vc_sep_line\"><\/span><\/span>\n<\/div><div  class=\"vc_do_toggle vc_toggle vc_toggle_default vc_toggle_color_turquoise  vc_toggle_size_md\"><div class=\"vc_toggle_title\"><h4>Programme<\/h4><i class=\"vc_toggle_icon\"><\/i><\/div><div class=\"vc_toggle_content\"><blockquote>\n<p>Fond\u00e9e il y a plus d&rsquo;une dizaine d&rsquo;ann\u00e9es, l&rsquo;\u00c9cole Coranique BADR est un lieu d&rsquo;apprentissage et de spiritualit\u00e9 d\u00e9di\u00e9 \u00e0 l&rsquo;\u00e9tude du Saint Coran et des valeurs de l&rsquo;islam. Chaque ann\u00e9e, nous accueillons des centaines d&rsquo;\u00e9tudiants, \u00e2g\u00e9s de 4 \u00e0 18 ans, d\u00e9sireux de renforcer leur foi et leurs connaissances religieuses dans un cadre chaleureux et structur\u00e9.<\/p>\n<p>Notre \u00e9quipe p\u00e9dagogique est compos\u00e9e d\u2019enseignants qualifi\u00e9s, <em>moujazates<\/em> (d\u00e9tenteurs d\u2019Ijaza) ou en cours de finalisation de leur Ijaza, offrant ainsi un enseignement de grande qualit\u00e9 et conforme aux r\u00e8gles de r\u00e9citation et de m\u00e9morisation du Coran.<\/p>\n<\/blockquote>\n<p>&nbsp;<\/p>\n<h2><\/h2>\n<ul>\n<li style=\"list-style-type: none;\">\n<ul>\n<li style=\"list-style-type: none;\">\n<ul class=\"trx_addons_list_info\">\n<li><strong>Ahkam Al-Tajwid<\/strong> (r\u00e8gles de r\u00e9citation du Coran)<\/li>\n<\/ul>\n<\/li>\n<\/ul>\n<\/li>\n<\/ul>\n<ul>\n<li style=\"list-style-type: none;\">\n<ul>\n<li style=\"list-style-type: none;\">\n<ul class=\"trx_addons_list_info\">\n<li><strong>Tahfiz<\/strong> (m\u00e9morisation du Coran)<\/li>\n<\/ul>\n<\/li>\n<\/ul>\n<\/li>\n<\/ul>\n<ul>\n<li style=\"list-style-type: none;\">\n<ul>\n<li style=\"list-style-type: none;\">\n<ul class=\"trx_addons_list_info\">\n<li><strong>Explication des versets<\/strong> (<em>Sharh Ayat<\/em>)<\/li>\n<\/ul>\n<\/li>\n<\/ul>\n<\/li>\n<\/ul>\n<ul>\n<li style=\"list-style-type: none;\">\n<ul>\n<li style=\"list-style-type: none;\">\n<ul class=\"trx_addons_list_info\">\n<li><strong>Principes de l\u2019islam<\/strong><\/li>\n<\/ul>\n<\/li>\n<\/ul>\n<\/li>\n<\/ul>\n<ul>\n<li style=\"list-style-type: none;\">\n<ul>\n<li style=\"list-style-type: none;\">\n<ul class=\"trx_addons_list_info\">\n<li><strong>\u00c9thiques de l&rsquo;Islam<\/strong><\/li>\n<\/ul>\n<\/li>\n<\/ul>\n<\/li>\n<\/ul>\n<ul>\n<li style=\"list-style-type: none;\">\n<ul>\n<li style=\"list-style-type: none;\">\n<ul class=\"trx_addons_list_info\">\n<li><strong>Apprentissage des lettres arabes avec la m\u00e9thode Nourania<\/strong><\/li>\n<\/ul>\n<\/li>\n<\/ul>\n<\/li>\n<\/ul>\n<ul>\n<li style=\"list-style-type: none;\">\n<ul>\n<li style=\"list-style-type: none;\">\n<ul class=\"trx_addons_list_info\">\n<li><strong>Explication des versets<\/strong> (<em>Sharh Ayat<\/em>)<\/li>\n<\/ul>\n<\/li>\n<\/ul>\n<\/li>\n<\/ul>\n<ul>\n<li style=\"list-style-type: none;\">\n<ul>\n<li style=\"list-style-type: none;\">\n<ul class=\"trx_addons_list_info\">\n<li><strong>Initiation \u00e0 la pri\u00e8re<\/strong><\/li>\n<\/ul>\n<\/li>\n<\/ul>\n<\/li>\n<\/ul>\n<p>&nbsp;<\/p>\n<\/div><\/div><div class=\"vc_separator wpb_content_element vc_separator_align_center vc_sep_width_100 vc_sep_dashed vc_sep_border_width_2 vc_sep_pos_align_center vc_separator_no_text vc_sep_color_turquoise wpb_content_element  wpb_content_element\" ><span class=\"vc_sep_holder vc_sep_holder_l\"><span class=\"vc_sep_line\"><\/span><\/span><span class=\"vc_sep_holder vc_sep_holder_r\"><span class=\"vc_sep_line\"><\/span><\/span>\n<\/div><div  class=\"vc_do_toggle vc_toggle vc_toggle_default vc_toggle_color_turquoise  vc_toggle_size_md\"><div class=\"vc_toggle_title\"><h4>Horaire et Lieu<\/h4><i class=\"vc_toggle_icon\"><\/i><\/div><div class=\"vc_toggle_content\"><p>Les cours ont lieu chaque <strong>samedi<\/strong>, et vous pouvez choisir parmi deux plages horaires :<\/p>\n<p>&nbsp;<\/p>\n<ul>\n<li style=\"list-style-type: none;\">\n<ul>\n<li style=\"list-style-type: none;\">\n<ul class=\"trx_addons_list_info\">\n<li><strong>Matin<\/strong> : 9h00 \u00e0 12h00 (Quelques places disponibles)<\/li>\n<li><strong>Apr\u00e8s-midi<\/strong> : 14h00 \u00e0 17h00 (Complet)<\/li>\n<\/ul>\n<\/li>\n<\/ul>\n<\/li>\n<\/ul>\n<p>Les cours se d\u00e9roulent au <strong>Centre Mirage<\/strong>, situ\u00e9 au <strong>8604 Boulevard Langelier, Saint-L\u00e9onard, QC, H1P 2Y7<\/strong>.<\/p>\n<\/div><\/div><div class=\"vc_separator wpb_content_element vc_separator_align_center vc_sep_width_100 vc_sep_dashed vc_sep_border_width_2 vc_sep_pos_align_center vc_separator_no_text vc_sep_color_turquoise wpb_content_element  wpb_content_element\" ><span class=\"vc_sep_holder vc_sep_holder_l\"><span class=\"vc_sep_line\"><\/span><\/span><span class=\"vc_sep_holder vc_sep_holder_r\"><span class=\"vc_sep_line\"><\/span><\/span>\n<\/div><div  class=\"vc_do_toggle vc_toggle vc_toggle_default vc_toggle_color_turquoise  vc_toggle_size_md\"><div class=\"vc_toggle_title\"><h4>Inscriptions et Tarifs<\/h4><i class=\"vc_toggle_icon\"><\/i><\/div><div class=\"vc_toggle_content\"><h4><strong>Proc\u00e9dure d&rsquo;inscription<\/strong><\/h4>\n<ul>\n<li style=\"list-style-type: none;\">\n<ul>\n<li style=\"list-style-type: none;\">\n<ul>\n<li><strong>Contactez-nous par t\u00e9l\u00e9phone au 514-652-8625<\/strong> pour fournir les informations g\u00e9n\u00e9rales sur votre enfant et v\u00e9rifier la disponibilit\u00e9 des places dans la plage horaire d\u00e9sir\u00e9e.<\/li>\n<li><strong>Remplissez la fiche d&rsquo;inscription<\/strong>, disponible sur place, et apportez votre enfant \u00e0 l&rsquo;heure convenue pour finaliser l&rsquo;inscription et le paiement.<\/li>\n<\/ul>\n<\/li>\n<\/ul>\n<\/li>\n<\/ul>\n<p>&nbsp;<\/p>\n<h4><strong>Tarifs<\/strong><\/h4>\n<ul>\n<li style=\"list-style-type: none;\">\n<ul>\n<li style=\"list-style-type: none;\">\n<ul>\n<li><strong>Frais annuels<\/strong> : 400 $ par enfant (de septembre \u00e0 juin).<\/li>\n<li><strong>R\u00e9duction pour les familles<\/strong> : 380 $ par ann\u00e9e \u00e0 partir du deuxi\u00e8me enfant.<\/li>\n<li>Les modalit\u00e9s de paiement, y compris le paiement en tranches, sont d\u00e9taill\u00e9es sur la fiche d&rsquo;inscription.<\/li>\n<\/ul>\n<\/li>\n<\/ul>\n<\/li>\n<\/ul>\n<p>Pour toute question ou assistance, vous pouvez discuter avec la responsable des inscriptions sur place.<\/p>\n<\/div><\/div><div class=\"vc_separator wpb_content_element vc_separator_align_center vc_sep_width_100 vc_sep_dashed vc_sep_border_width_2 vc_sep_pos_align_center vc_separator_no_text vc_sep_color_turquoise wpb_content_element  wpb_content_element\" ><span class=\"vc_sep_holder vc_sep_holder_l\"><span class=\"vc_sep_line\"><\/span><\/span><span class=\"vc_sep_holder vc_sep_holder_r\"><span class=\"vc_sep_line\"><\/span><\/span>\n<\/div><div class=\"vc_empty_space  height_tiny\"   style=\"height: 32px\"><span class=\"vc_empty_space_inner\"><\/span><\/div><\/div><\/div><div class=\"vc_tta-panel\" id=\"1731562784658-b91c40d7-70a8\" data-vc-content=\".vc_tta-panel-body\"><div class=\"vc_tta-panel-heading\"><h4 class=\"vc_tta-panel-title\"><a href=\"#1731562784658-b91c40d7-70a8\" data-vc-accordion data-vc-container=\".vc_tta-container\"><span class=\"vc_tta-title-text\">Mes Premiers Pas Vers la Foi<\/span><\/a><\/h4><\/div><div class=\"vc_tta-panel-body\">\n\t<div  class=\"wpb_single_image wpb_content_element vc_align_center wpb_content_element\">\n\t\t\n\t\t<figure class=\"wpb_wrapper vc_figure\">\n\t\t\t<div class=\"vc_single_image-wrapper   vc_box_border_grey\"><img decoding=\"async\" width=\"2340\" height=\"900\" src=\"https:\/\/centrebadr.net\/wp-content\/uploads\/2024\/11\/CIB.png\" class=\"vc_single_image-img attachment-full\" alt=\"\" title=\"CIB\" srcset=\"https:\/\/centrebadr.net\/wp-content\/uploads\/2024\/11\/CIB.png 2340w, https:\/\/centrebadr.net\/wp-content\/uploads\/2024\/11\/CIB-300x115.png 300w, https:\/\/centrebadr.net\/wp-content\/uploads\/2024\/11\/CIB-1024x394.png 1024w, https:\/\/centrebadr.net\/wp-content\/uploads\/2024\/11\/CIB-768x295.png 768w, https:\/\/centrebadr.net\/wp-content\/uploads\/2024\/11\/CIB-1536x591.png 1536w, https:\/\/centrebadr.net\/wp-content\/uploads\/2024\/11\/CIB-2048x788.png 2048w, https:\/\/centrebadr.net\/wp-content\/uploads\/2024\/11\/CIB-370x142.png 370w, https:\/\/centrebadr.net\/wp-content\/uploads\/2024\/11\/CIB-760x292.png 760w, https:\/\/centrebadr.net\/wp-content\/uploads\/2024\/11\/CIB-24x9.png 24w, https:\/\/centrebadr.net\/wp-content\/uploads\/2024\/11\/CIB-36x14.png 36w, https:\/\/centrebadr.net\/wp-content\/uploads\/2024\/11\/CIB-48x18.png 48w\" sizes=\"(max-width: 2340px) 100vw, 2340px\" \/><\/div>\n\t\t<\/figure>\n\t<\/div>\n<div class=\"vc_separator wpb_content_element vc_separator_align_center vc_sep_width_100 vc_sep_pos_align_center vc_separator_no_text vc_sep_color_grey wpb_content_element  wpb_content_element\" ><span class=\"vc_sep_holder vc_sep_holder_l\"><span class=\"vc_sep_line\"><\/span><\/span><span class=\"vc_sep_holder vc_sep_holder_r\"><span class=\"vc_sep_line\"><\/span><\/span>\n<\/div><div  class=\"vc_do_toggle vc_toggle vc_toggle_default vc_toggle_color_turquoise  vc_toggle_size_md\"><div class=\"vc_toggle_title\"><h4>Programme<\/h4><i class=\"vc_toggle_icon\"><\/i><\/div><div class=\"vc_toggle_content\"><ul>\n<li style=\"list-style-type: none;\">\n<ul>\n<li style=\"list-style-type: none;\">\n<ul class=\"trx_addons_list_info\">\n<li>Exploration de la foi : des sujets spirituels adapt\u00e9s aux enfants, pr\u00e9sent\u00e9s de mani\u00e8re interactive pour \u00e9veiller leur curiosit\u00e9 et leur amour de la religion.<\/li>\n<\/ul>\n<\/li>\n<\/ul>\n<\/li>\n<\/ul>\n<p>&nbsp;<\/p>\n<p>&nbsp;<\/p>\n<ul>\n<li style=\"list-style-type: none;\">\n<ul>\n<li style=\"list-style-type: none;\">\n<ul class=\"trx_addons_list_info\">\n<li>Moments de pri\u00e8re : Salat du Maghreb et de l\u2019Icha en groupe, pour apprendre et pratiquer ensemble.<\/li>\n<\/ul>\n<\/li>\n<\/ul>\n<\/li>\n<\/ul>\n<p>&nbsp;<\/p>\n<p>&nbsp;<\/p>\n<ul>\n<li style=\"list-style-type: none;\">\n<ul>\n<li style=\"list-style-type: none;\">\n<ul class=\"trx_addons_list_info\">\n<li>R\u00e9citation du Coran : un moment d\u00e9di\u00e9 pour renforcer l\u2019amour des paroles d\u2019Allah.<\/li>\n<\/ul>\n<\/li>\n<\/ul>\n<\/li>\n<\/ul>\n<p>&nbsp;<\/p>\n<p>&nbsp;<\/p>\n<ul>\n<li style=\"list-style-type: none;\">\n<ul>\n<li style=\"list-style-type: none;\">\n<ul class=\"trx_addons_list_info\">\n<li>Concours interactifs et collation : concours Kahoot avec des prix en argent pour motiver les enfants, accompagn\u00e9 d\u2019une collation et de l\u2019application pratique des sunna de l\u2019alimentation<\/li>\n<\/ul>\n<\/li>\n<\/ul>\n<\/li>\n<\/ul>\n<\/div><\/div><div class=\"vc_separator wpb_content_element vc_separator_align_center vc_sep_width_100 vc_sep_dashed vc_sep_border_width_2 vc_sep_pos_align_center vc_separator_no_text vc_sep_color_turquoise wpb_content_element  wpb_content_element\" ><span class=\"vc_sep_holder vc_sep_holder_l\"><span class=\"vc_sep_line\"><\/span><\/span><span class=\"vc_sep_holder vc_sep_holder_r\"><span class=\"vc_sep_line\"><\/span><\/span>\n<\/div><div  class=\"vc_do_toggle vc_toggle vc_toggle_default vc_toggle_color_turquoise  vc_toggle_size_md\"><div class=\"vc_toggle_title\"><h4>Horaire et Lieu<\/h4><i class=\"vc_toggle_icon\"><\/i><\/div><div class=\"vc_toggle_content\"><ul>\n<li style=\"list-style-type: none;\">\n<ul>\n<li style=\"list-style-type: none;\">\n<ul class=\"trx_addons_list_info\">\n<li>Chaque vendredi, de 18h00 \u00e0 20h30<\/li>\n<\/ul>\n<\/li>\n<li style=\"list-style-type: none;\">\n<ul class=\"trx_addons_list_info\">\n<li>L&rsquo;activit\u00e9 se d\u00e9roule au <strong>Centre Mirage<\/strong>, situ\u00e9 au <strong>8604 Boulevard Langelier, Saint-L\u00e9onard, QC, H1P 2Y7<\/strong>.<\/li>\n<\/ul>\n<\/li>\n<\/ul>\n<\/li>\n<\/ul>\n<\/div><\/div><div class=\"vc_separator wpb_content_element vc_separator_align_center vc_sep_width_100 vc_sep_dashed vc_sep_border_width_2 vc_sep_pos_align_center vc_separator_no_text vc_sep_color_turquoise wpb_content_element  wpb_content_element\" ><span class=\"vc_sep_holder vc_sep_holder_l\"><span class=\"vc_sep_line\"><\/span><\/span><span class=\"vc_sep_holder vc_sep_holder_r\"><span class=\"vc_sep_line\"><\/span><\/span>\n<\/div><div  class=\"vc_do_toggle vc_toggle vc_toggle_default vc_toggle_color_turquoise  vc_toggle_size_md\"><div class=\"vc_toggle_title\"><h4>Inscriptions et Tarifs<\/h4><i class=\"vc_toggle_icon\"><\/i><\/div><div class=\"vc_toggle_content\"><ul>\n<li style=\"list-style-type: none;\">\n<ul>\n<li style=\"list-style-type: none;\">\n<ul class=\"trx_addons_list_info\">\n<li>Inscription : Aucune inscription requise<\/li>\n<li>Co\u00fbt : Activit\u00e9 gratuite<\/li>\n<\/ul>\n<\/li>\n<\/ul>\n<\/li>\n<\/ul>\n<\/div><\/div><div class=\"vc_separator wpb_content_element vc_separator_align_center vc_sep_width_100 vc_sep_dashed vc_sep_border_width_2 vc_sep_pos_align_center vc_separator_no_text vc_sep_color_turquoise wpb_content_element  wpb_content_element\" ><span class=\"vc_sep_holder vc_sep_holder_l\"><span class=\"vc_sep_line\"><\/span><\/span><span class=\"vc_sep_holder vc_sep_holder_r\"><span class=\"vc_sep_line\"><\/span><\/span>\n<\/div><div class=\"vc_empty_space  height_tiny\"   style=\"height: 32px\"><span class=\"vc_empty_space_inner\"><\/span><\/div><div class=\"wpb_images_carousel wpb_content_element vc_clearfix wpb_content_element\"><div class=\"wpb_wrapper\"><h2 class=\"wpb_heading wpb_gallery_heading\">Souvenirs<\/h2><div id=\"vc_images-carousel-1-1777402425\" data-ride=\"vc_carousel\" data-wrap=\"true\" style=\"width: 100%;\" data-interval=\"0\" data-auto-height=\"yes\" data-mode=\"horizontal\" data-partial=\"false\" data-per-view=\"1\" data-hide-on-end=\"true\" class=\"vc_slide vc_images_carousel\"><ol class=\"vc_carousel-indicators\"><li data-target=\"#vc_images-carousel-1-1777402425\" data-slide-to=\"0\"><\/li><li data-target=\"#vc_images-carousel-1-1777402425\" data-slide-to=\"1\"><\/li><li data-target=\"#vc_images-carousel-1-1777402425\" data-slide-to=\"2\"><\/li><\/ol><div class=\"vc_carousel-inner\"><div class=\"vc_carousel-slideline\"><div class=\"vc_carousel-slideline-inner\"><div class=\"vc_item\"><div class=\"vc_inner\"><a class=\"\" href=\"https:\/\/centrebadr.net\/wp-content\/uploads\/2017\/07\/2-1024x576.jpg\" data-lightbox=\"lightbox[rel-4414-3532507408]\"><img decoding=\"async\" width=\"3840\" height=\"2160\" src=\"https:\/\/centrebadr.net\/wp-content\/uploads\/2017\/07\/2.jpg\" class=\"attachment-full\" alt=\"\" title=\"\" srcset=\"https:\/\/centrebadr.net\/wp-content\/uploads\/2017\/07\/2.jpg 3840w, https:\/\/centrebadr.net\/wp-content\/uploads\/2017\/07\/2-300x169.jpg 300w, https:\/\/centrebadr.net\/wp-content\/uploads\/2017\/07\/2-1024x576.jpg 1024w, https:\/\/centrebadr.net\/wp-content\/uploads\/2017\/07\/2-768x432.jpg 768w, https:\/\/centrebadr.net\/wp-content\/uploads\/2017\/07\/2-1536x864.jpg 1536w, https:\/\/centrebadr.net\/wp-content\/uploads\/2017\/07\/2-2048x1152.jpg 2048w, https:\/\/centrebadr.net\/wp-content\/uploads\/2017\/07\/2-370x208.jpg 370w, https:\/\/centrebadr.net\/wp-content\/uploads\/2017\/07\/2-1170x658.jpg 1170w, https:\/\/centrebadr.net\/wp-content\/uploads\/2017\/07\/2-760x428.jpg 760w, https:\/\/centrebadr.net\/wp-content\/uploads\/2017\/07\/2-24x14.jpg 24w, https:\/\/centrebadr.net\/wp-content\/uploads\/2017\/07\/2-36x20.jpg 36w, https:\/\/centrebadr.net\/wp-content\/uploads\/2017\/07\/2-48x27.jpg 48w, https:\/\/centrebadr.net\/wp-content\/uploads\/2017\/07\/2-270x152.jpg 270w\" sizes=\"(max-width: 3840px) 100vw, 3840px\" \/><\/a><\/div><\/div><div class=\"vc_item\"><div class=\"vc_inner\"><a class=\"\" href=\"https:\/\/centrebadr.net\/wp-content\/uploads\/2017\/07\/3-1024x576.jpg\" data-lightbox=\"lightbox[rel-4414-3532507408]\"><img loading=\"lazy\" decoding=\"async\" width=\"3840\" height=\"2160\" src=\"https:\/\/centrebadr.net\/wp-content\/uploads\/2017\/07\/3.jpg\" class=\"attachment-full\" alt=\"\" title=\"\" srcset=\"https:\/\/centrebadr.net\/wp-content\/uploads\/2017\/07\/3.jpg 3840w, https:\/\/centrebadr.net\/wp-content\/uploads\/2017\/07\/3-300x169.jpg 300w, https:\/\/centrebadr.net\/wp-content\/uploads\/2017\/07\/3-1024x576.jpg 1024w, https:\/\/centrebadr.net\/wp-content\/uploads\/2017\/07\/3-768x432.jpg 768w, https:\/\/centrebadr.net\/wp-content\/uploads\/2017\/07\/3-1536x864.jpg 1536w, https:\/\/centrebadr.net\/wp-content\/uploads\/2017\/07\/3-2048x1152.jpg 2048w, https:\/\/centrebadr.net\/wp-content\/uploads\/2017\/07\/3-370x208.jpg 370w, https:\/\/centrebadr.net\/wp-content\/uploads\/2017\/07\/3-1170x658.jpg 1170w, https:\/\/centrebadr.net\/wp-content\/uploads\/2017\/07\/3-760x428.jpg 760w, https:\/\/centrebadr.net\/wp-content\/uploads\/2017\/07\/3-24x14.jpg 24w, https:\/\/centrebadr.net\/wp-content\/uploads\/2017\/07\/3-36x20.jpg 36w, https:\/\/centrebadr.net\/wp-content\/uploads\/2017\/07\/3-48x27.jpg 48w, https:\/\/centrebadr.net\/wp-content\/uploads\/2017\/07\/3-270x152.jpg 270w\" sizes=\"(max-width: 3840px) 100vw, 3840px\" \/><\/a><\/div><\/div><div class=\"vc_item\"><div class=\"vc_inner\"><a class=\"\" href=\"https:\/\/centrebadr.net\/wp-content\/uploads\/2017\/07\/1-1024x576.jpg\" data-lightbox=\"lightbox[rel-4414-3532507408]\"><img loading=\"lazy\" decoding=\"async\" width=\"3840\" height=\"2160\" src=\"https:\/\/centrebadr.net\/wp-content\/uploads\/2017\/07\/1.jpg\" class=\"attachment-full\" alt=\"\" title=\"\" srcset=\"https:\/\/centrebadr.net\/wp-content\/uploads\/2017\/07\/1.jpg 3840w, https:\/\/centrebadr.net\/wp-content\/uploads\/2017\/07\/1-300x169.jpg 300w, https:\/\/centrebadr.net\/wp-content\/uploads\/2017\/07\/1-1024x576.jpg 1024w, https:\/\/centrebadr.net\/wp-content\/uploads\/2017\/07\/1-768x432.jpg 768w, https:\/\/centrebadr.net\/wp-content\/uploads\/2017\/07\/1-1536x864.jpg 1536w, https:\/\/centrebadr.net\/wp-content\/uploads\/2017\/07\/1-2048x1152.jpg 2048w, https:\/\/centrebadr.net\/wp-content\/uploads\/2017\/07\/1-370x208.jpg 370w, https:\/\/centrebadr.net\/wp-content\/uploads\/2017\/07\/1-1170x658.jpg 1170w, https:\/\/centrebadr.net\/wp-content\/uploads\/2017\/07\/1-760x428.jpg 760w, https:\/\/centrebadr.net\/wp-content\/uploads\/2017\/07\/1-24x14.jpg 24w, https:\/\/centrebadr.net\/wp-content\/uploads\/2017\/07\/1-36x20.jpg 36w, https:\/\/centrebadr.net\/wp-content\/uploads\/2017\/07\/1-48x27.jpg 48w, https:\/\/centrebadr.net\/wp-content\/uploads\/2017\/07\/1-270x152.jpg 270w\" sizes=\"(max-width: 3840px) 100vw, 3840px\" \/><\/a><\/div><\/div><\/div><\/div><\/div><a class=\"vc_left vc_carousel-control\" href=\"#vc_images-carousel-1-1777402425\" data-slide=\"prev\"><span class=\"icon-prev\"><\/span><\/a><a class=\"vc_right vc_carousel-control\" href=\"#vc_images-carousel-1-1777402425\" data-slide=\"next\"><span class=\"icon-next\"><\/span><\/a><\/div><\/div><\/div><\/div><\/div><div class=\"vc_tta-panel\" id=\"1731623106154-9b5d1816-d623\" data-vc-content=\".vc_tta-panel-body\"><div class=\"vc_tta-panel-heading\"><h4 class=\"vc_tta-panel-title\"><a href=\"#1731623106154-9b5d1816-d623\" data-vc-accordion data-vc-container=\".vc_tta-container\"><span class=\"vc_tta-title-text\">Cours de Coran - Sheikh Soulimane<\/span><\/a><\/h4><\/div><div class=\"vc_tta-panel-body\">\n\t<div  class=\"wpb_single_image wpb_content_element vc_align_center wpb_content_element\">\n\t\t\n\t\t<figure class=\"wpb_wrapper vc_figure\">\n\t\t\t<div class=\"vc_single_image-wrapper   vc_box_border_grey\"><img fetchpriority=\"high\" decoding=\"async\" width=\"4590\" height=\"1604\" src=\"https:\/\/centrebadr.net\/wp-content\/uploads\/2017\/07\/\u0627\u0646-\u0647\u0630\u0627-\u0627\u0644\u0642\u0631\u0627\u0646.png\" class=\"vc_single_image-img attachment-full\" alt=\"\" title=\"\u0627\u0646 \u0647\u0630\u0627 \u0627\u0644\u0642\u0631\u0627\u0646\" srcset=\"https:\/\/centrebadr.net\/wp-content\/uploads\/2017\/07\/\u0627\u0646-\u0647\u0630\u0627-\u0627\u0644\u0642\u0631\u0627\u0646.png 4590w, https:\/\/centrebadr.net\/wp-content\/uploads\/2017\/07\/\u0627\u0646-\u0647\u0630\u0627-\u0627\u0644\u0642\u0631\u0627\u0646-300x105.png 300w, https:\/\/centrebadr.net\/wp-content\/uploads\/2017\/07\/\u0627\u0646-\u0647\u0630\u0627-\u0627\u0644\u0642\u0631\u0627\u0646-1024x358.png 1024w, https:\/\/centrebadr.net\/wp-content\/uploads\/2017\/07\/\u0627\u0646-\u0647\u0630\u0627-\u0627\u0644\u0642\u0631\u0627\u0646-768x268.png 768w, https:\/\/centrebadr.net\/wp-content\/uploads\/2017\/07\/\u0627\u0646-\u0647\u0630\u0627-\u0627\u0644\u0642\u0631\u0627\u0646-1536x537.png 1536w, https:\/\/centrebadr.net\/wp-content\/uploads\/2017\/07\/\u0627\u0646-\u0647\u0630\u0627-\u0627\u0644\u0642\u0631\u0627\u0646-2048x716.png 2048w, https:\/\/centrebadr.net\/wp-content\/uploads\/2017\/07\/\u0627\u0646-\u0647\u0630\u0627-\u0627\u0644\u0642\u0631\u0627\u0646-370x129.png 370w, https:\/\/centrebadr.net\/wp-content\/uploads\/2017\/07\/\u0627\u0646-\u0647\u0630\u0627-\u0627\u0644\u0642\u0631\u0627\u0646-760x266.png 760w, https:\/\/centrebadr.net\/wp-content\/uploads\/2017\/07\/\u0627\u0646-\u0647\u0630\u0627-\u0627\u0644\u0642\u0631\u0627\u0646-24x8.png 24w, https:\/\/centrebadr.net\/wp-content\/uploads\/2017\/07\/\u0627\u0646-\u0647\u0630\u0627-\u0627\u0644\u0642\u0631\u0627\u0646-36x13.png 36w, https:\/\/centrebadr.net\/wp-content\/uploads\/2017\/07\/\u0627\u0646-\u0647\u0630\u0627-\u0627\u0644\u0642\u0631\u0627\u0646-48x17.png 48w\" sizes=\"(max-width: 4590px) 100vw, 4590px\" \/><\/div>\n\t\t<\/figure>\n\t<\/div>\n<div class=\"vc_separator wpb_content_element vc_separator_align_center vc_sep_width_100 vc_sep_pos_align_center vc_separator_no_text vc_sep_color_grey wpb_content_element  wpb_content_element\" ><span class=\"vc_sep_holder vc_sep_holder_l\"><span class=\"vc_sep_line\"><\/span><\/span><span class=\"vc_sep_holder vc_sep_holder_r\"><span class=\"vc_sep_line\"><\/span><\/span>\n<\/div><div  class=\"vc_do_toggle vc_toggle vc_toggle_default vc_toggle_color_turquoise  vc_toggle_size_md\"><div class=\"vc_toggle_title\"><h4>Programme<\/h4><i class=\"vc_toggle_icon\"><\/i><\/div><div class=\"vc_toggle_content\"><ul>\n<li style=\"list-style-type: none;\">\n<ul>\n<li style=\"list-style-type: none;\">\n<ul class=\"trx_addons_list_info\">\n<li><strong>Cours de Coran<\/strong> anim\u00e9s par Cheikh Souleymane, un programme riche et structur\u00e9<\/li>\n<\/ul>\n<\/li>\n<\/ul>\n<\/li>\n<\/ul>\n<p>&nbsp;<\/p>\n<p>&nbsp;<\/p>\n<ul>\n<li style=\"list-style-type: none;\">\n<ul>\n<li style=\"list-style-type: none;\">\n<ul class=\"trx_addons_list_info\">\n<li>Les enfants se rassemblent \u00e0 la mosqu\u00e9e pour apprendre \u00e0 lire, r\u00e9citer et m\u00e9moriser le Coran<\/li>\n<\/ul>\n<\/li>\n<\/ul>\n<\/li>\n<\/ul>\n<p>&nbsp;<\/p>\n<p>&nbsp;<\/p>\n<ul>\n<li style=\"list-style-type: none;\">\n<ul>\n<li style=\"list-style-type: none;\">\n<ul class=\"trx_addons_list_info\">\n<li>Programme ax\u00e9 sur la m\u00e9morisation facilit\u00e9e du Coran<\/li>\n<\/ul>\n<\/li>\n<\/ul>\n<\/li>\n<\/ul>\n<p>&nbsp;<\/p>\n<p>&nbsp;<\/p>\n<ul>\n<li style=\"list-style-type: none;\">\n<ul>\n<li style=\"list-style-type: none;\">\n<ul class=\"trx_addons_list_info\">\n<li>Encadr\u00e9 par Cheikh Souleymane, garantissant une approche bienveillante et efficace<\/li>\n<\/ul>\n<\/li>\n<\/ul>\n<\/li>\n<\/ul>\n<\/div><\/div><div class=\"vc_separator wpb_content_element vc_separator_align_center vc_sep_width_100 vc_sep_dashed vc_sep_border_width_2 vc_sep_pos_align_center vc_separator_no_text vc_sep_color_turquoise wpb_content_element  wpb_content_element\" ><span class=\"vc_sep_holder vc_sep_holder_l\"><span class=\"vc_sep_line\"><\/span><\/span><span class=\"vc_sep_holder vc_sep_holder_r\"><span class=\"vc_sep_line\"><\/span><\/span>\n<\/div><div  class=\"vc_do_toggle vc_toggle vc_toggle_default vc_toggle_color_turquoise  vc_toggle_size_md\"><div class=\"vc_toggle_title\"><h4>Horaire et lieu<\/h4><i class=\"vc_toggle_icon\"><\/i><\/div><div class=\"vc_toggle_content\"><ul>\n<li style=\"list-style-type: none;\">\n<ul>\n<li style=\"list-style-type: none;\">\n<ul class=\"trx_addons_list_info\">\n<li><strong>Lundi, mercredi et vendredi<\/strong> : entre <em>Salat al-Maghrib<\/em> et <em>Isha<\/em><\/li>\n<\/ul>\n<\/li>\n<\/ul>\n<\/li>\n<\/ul>\n<ul>\n<li style=\"list-style-type: none;\">\n<ul>\n<li style=\"list-style-type: none;\">\n<ul class=\"trx_addons_list_info\">\n<li><strong>Samedi et dimanche<\/strong> : apr\u00e8s <em>Salat al-Fajr<\/em> jusqu&rsquo;\u00e0 8h30<\/li>\n<\/ul>\n<\/li>\n<li style=\"list-style-type: none;\"><\/li>\n<\/ul>\n<\/li>\n<\/ul>\n<p>&nbsp;<\/p>\n<ul>\n<li style=\"list-style-type: none;\">\n<ul>\n<li style=\"list-style-type: none;\">L&rsquo;activit\u00e9 se d\u00e9roulent \u00e0 la <strong>mosqu\u00e9e Badr<\/strong>, situ\u00e9e au <strong>8625 Boulevard Langelier, Saint-L\u00e9onard, QC, H1P 2Y7<\/strong>.<\/li>\n<\/ul>\n<\/li>\n<\/ul>\n<\/div><\/div><div class=\"vc_separator wpb_content_element vc_separator_align_center vc_sep_width_100 vc_sep_dashed vc_sep_border_width_2 vc_sep_pos_align_center vc_separator_no_text vc_sep_color_turquoise wpb_content_element  wpb_content_element\" ><span class=\"vc_sep_holder vc_sep_holder_l\"><span class=\"vc_sep_line\"><\/span><\/span><span class=\"vc_sep_holder vc_sep_holder_r\"><span class=\"vc_sep_line\"><\/span><\/span>\n<\/div><div  class=\"vc_do_toggle vc_toggle vc_toggle_default vc_toggle_color_turquoise  vc_toggle_size_md\"><div class=\"vc_toggle_title\"><h4>Inscriptions et Tarifs<\/h4><i class=\"vc_toggle_icon\"><\/i><\/div><div class=\"vc_toggle_content\"><ul>\n<li style=\"list-style-type: none;\">\n<ul>\n<li style=\"list-style-type: none;\">\n<ul class=\"trx_addons_list_info\">\n<li><strong>Inscription :<\/strong> Pour le moment, nous avons malheureusement atteint notre capacit\u00e9 maximale et n&rsquo;acceptons plus d&rsquo;inscriptions. Si jamais la situation change, nous l&rsquo;annoncerons sur nos r\u00e9seaux sociaux. Cependant, vous pouvez toujours vous inscrire sur la liste d&rsquo;attente en <strong>cliquant ici<\/strong>, et vous serez contact\u00e9, en ordre d\u2019arriv\u00e9e, lorsqu&rsquo;une place se lib\u00e9rera.<\/li>\n<\/ul>\n<\/li>\n<\/ul>\n<\/li>\n<\/ul>\n<p>&nbsp;<\/p>\n<ul>\n<li style=\"list-style-type: none;\">\n<ul>\n<li style=\"list-style-type: none;\">\n<ul class=\"trx_addons_list_info\">\n<li><strong>Co\u00fbt :<\/strong> 75$\/mois<\/li>\n<\/ul>\n<\/li>\n<\/ul>\n<\/li>\n<\/ul>\n<\/div><\/div><div class=\"vc_separator wpb_content_element vc_separator_align_center vc_sep_width_100 vc_sep_dashed vc_sep_border_width_2 vc_sep_pos_align_center vc_separator_no_text vc_sep_color_turquoise wpb_content_element  wpb_content_element\" ><span class=\"vc_sep_holder vc_sep_holder_l\"><span class=\"vc_sep_line\"><\/span><\/span><span class=\"vc_sep_holder vc_sep_holder_r\"><span class=\"vc_sep_line\"><\/span><\/span>\n<\/div><div class=\"vc_empty_space  height_tiny\"   style=\"height: 32px\"><span class=\"vc_empty_space_inner\"><\/span><\/div><\/div><\/div><div class=\"vc_tta-panel\" id=\"1732147683667-afcbc1e5-af8b\" data-vc-content=\".vc_tta-panel-body\"><div class=\"vc_tta-panel-heading\"><h4 class=\"vc_tta-panel-title\"><a href=\"#1732147683667-afcbc1e5-af8b\" data-vc-accordion data-vc-container=\".vc_tta-container\"><span class=\"vc_tta-title-text\">Connais ton Proph\u00e8te \ufdfa<\/span><\/a><\/h4><\/div><div class=\"vc_tta-panel-body\">\n\t<div  class=\"wpb_single_image wpb_content_element vc_align_center wpb_content_element\">\n\t\t\n\t\t<figure class=\"wpb_wrapper vc_figure\">\n\t\t\t<div class=\"vc_single_image-wrapper   vc_box_border_grey\"><img loading=\"lazy\" decoding=\"async\" width=\"1024\" height=\"878\" src=\"https:\/\/centrebadr.net\/wp-content\/uploads\/2024\/11\/Connais-ton-Prophete-\ufdfa-1024x878.jpg\" class=\"vc_single_image-img attachment-large\" alt=\"\" title=\"Connais ton Proph\u00e8te \ufdfa.\" srcset=\"https:\/\/centrebadr.net\/wp-content\/uploads\/2024\/11\/Connais-ton-Prophete-\ufdfa-1024x878.jpg 1024w, https:\/\/centrebadr.net\/wp-content\/uploads\/2024\/11\/Connais-ton-Prophete-\ufdfa-300x257.jpg 300w, https:\/\/centrebadr.net\/wp-content\/uploads\/2024\/11\/Connais-ton-Prophete-\ufdfa-768x659.jpg 768w, https:\/\/centrebadr.net\/wp-content\/uploads\/2024\/11\/Connais-ton-Prophete-\ufdfa-370x317.jpg 370w, https:\/\/centrebadr.net\/wp-content\/uploads\/2024\/11\/Connais-ton-Prophete-\ufdfa-760x652.jpg 760w, https:\/\/centrebadr.net\/wp-content\/uploads\/2024\/11\/Connais-ton-Prophete-\ufdfa-24x21.jpg 24w, https:\/\/centrebadr.net\/wp-content\/uploads\/2024\/11\/Connais-ton-Prophete-\ufdfa-36x31.jpg 36w, https:\/\/centrebadr.net\/wp-content\/uploads\/2024\/11\/Connais-ton-Prophete-\ufdfa-48x41.jpg 48w, https:\/\/centrebadr.net\/wp-content\/uploads\/2024\/11\/Connais-ton-Prophete-\ufdfa.jpg 1404w\" sizes=\"(max-width: 1024px) 100vw, 1024px\" \/><\/div>\n\t\t<\/figure>\n\t<\/div>\n<div class=\"vc_separator wpb_content_element vc_separator_align_center vc_sep_width_100 vc_sep_pos_align_center vc_separator_no_text vc_sep_color_grey wpb_content_element  wpb_content_element\" ><span class=\"vc_sep_holder vc_sep_holder_l\"><span class=\"vc_sep_line\"><\/span><\/span><span class=\"vc_sep_holder vc_sep_holder_r\"><span class=\"vc_sep_line\"><\/span><\/span>\n<\/div><div  class=\"vc_do_toggle vc_toggle vc_toggle_default vc_toggle_color_turquoise  vc_toggle_size_md\"><div class=\"vc_toggle_title\"><h4>Programme<\/h4><i class=\"vc_toggle_icon\"><\/i><\/div><div class=\"vc_toggle_content\"><ul>\n<li style=\"list-style-type: none;\">\n<ul>\n<li style=\"list-style-type: none;\">\n<ul class=\"trx_addons_list_info\">\n<li><strong>Atelier de formation et de d\u00e9veloppement pour les adolescents et adolescentes, \u00e9l\u00e8ves du secondaire \u00e2g\u00e9s de 12 ans et plus<\/strong>\n<p>Sous la supervision de Dr. Abdelbaset Ben Issa<\/p>\n<p>Des formations s\u00e9quentielles abordant des sujets importants, pr\u00e9cis, pratiques et r\u00e9alistes, visant \u00e0 :<\/p>\n<ul>\n<li>Renforcer la foi et la vertu dans le c\u0153ur de nos enfants,<\/li>\n<li>Avec une approche interactive et captivante adapt\u00e9e aux caract\u00e9ristiques de cette tranche d&rsquo;\u00e2ge et r\u00e9pondant \u00e0 leurs besoins.<\/li>\n<\/ul>\n<p>&nbsp;<\/li>\n<\/ul>\n<\/li>\n<\/ul>\n<\/li>\n<\/ul>\n<p>&nbsp;<\/p>\n<\/div><\/div><div class=\"vc_separator wpb_content_element vc_separator_align_center vc_sep_width_100 vc_sep_dashed vc_sep_border_width_2 vc_sep_pos_align_center vc_separator_no_text vc_sep_color_turquoise wpb_content_element  wpb_content_element\" ><span class=\"vc_sep_holder vc_sep_holder_l\"><span class=\"vc_sep_line\"><\/span><\/span><span class=\"vc_sep_holder vc_sep_holder_r\"><span class=\"vc_sep_line\"><\/span><\/span>\n<\/div><div  class=\"vc_do_toggle vc_toggle vc_toggle_default vc_toggle_color_turquoise  vc_toggle_size_md\"><div class=\"vc_toggle_title\"><h4>Horaire et lieu<\/h4><i class=\"vc_toggle_icon\"><\/i><\/div><div class=\"vc_toggle_content\"><p>&nbsp;<\/p>\n<ul>\n<li style=\"list-style-type: none;\">\n<ul>\n<li style=\"list-style-type: none;\">\n<ul class=\"trx_addons_list_info\">\n<li><strong>dimanche<\/strong> : \u00a010h30-11h30<\/li>\n<\/ul>\n<\/li>\n<li style=\"list-style-type: none;\"><\/li>\n<\/ul>\n<\/li>\n<\/ul>\n<p>&nbsp;<\/p>\n<ul>\n<li style=\"list-style-type: none;\">\n<ul>\n<li style=\"list-style-type: none;\">L&rsquo;activit\u00e9 se d\u00e9roulent \u00e0 la <strong>mosqu\u00e9e Badr<\/strong>, situ\u00e9e au <strong>8625 Boulevard Langelier, Saint-L\u00e9onard, QC, H1P 2Y7<\/strong>.<\/li>\n<\/ul>\n<\/li>\n<\/ul>\n<\/div><\/div><div class=\"vc_separator wpb_content_element vc_separator_align_center vc_sep_width_100 vc_sep_dashed vc_sep_border_width_2 vc_sep_pos_align_center vc_separator_no_text vc_sep_color_turquoise wpb_content_element  wpb_content_element\" ><span class=\"vc_sep_holder vc_sep_holder_l\"><span class=\"vc_sep_line\"><\/span><\/span><span class=\"vc_sep_holder vc_sep_holder_r\"><span class=\"vc_sep_line\"><\/span><\/span>\n<\/div><div  class=\"vc_do_toggle vc_toggle vc_toggle_default vc_toggle_color_turquoise  vc_toggle_size_md\"><div class=\"vc_toggle_title\"><h4>Inscriptions et Tarifs<\/h4><i class=\"vc_toggle_icon\"><\/i><\/div><div class=\"vc_toggle_content\"><ul>\n<li style=\"list-style-type: none;\">\n<ul>\n<li style=\"list-style-type: none;\">\n<ul class=\"trx_addons_list_info\">\n<li><strong>Inscription :<\/strong> Pour l&rsquo;inscription, veuillez contacter : jeunesse@centrebadr.net<\/li>\n<\/ul>\n<\/li>\n<\/ul>\n<\/li>\n<\/ul>\n<ul>\n<li style=\"list-style-type: none;\">\n<ul>\n<li style=\"list-style-type: none;\"><\/li>\n<\/ul>\n<\/li>\n<\/ul>\n<\/div><\/div><div class=\"vc_separator wpb_content_element vc_separator_align_center vc_sep_width_100 vc_sep_dashed vc_sep_border_width_2 vc_sep_pos_align_center vc_separator_no_text vc_sep_color_turquoise wpb_content_element  wpb_content_element\" ><span class=\"vc_sep_holder vc_sep_holder_l\"><span class=\"vc_sep_line\"><\/span><\/span><span class=\"vc_sep_holder vc_sep_holder_r\"><span class=\"vc_sep_line\"><\/span><\/span>\n<\/div><div class=\"vc_empty_space  height_tiny\"   style=\"height: 32px\"><span class=\"vc_empty_space_inner\"><\/span><\/div><\/div><\/div><\/div><\/div><\/div><\/div><\/div><\/div><\/div><\/div>\n<\/div>","protected":false},"excerpt":{"rendered":"\u00c9cole CoraniqueMes Premiers Pas Vers la FoiCours de Coran - Sheikh SoulimaneConnais ton Proph\u00e8te \ufdfa\u00c9cole Coranique Programme Fond\u00e9e il y a plus d&rsquo;une dizaine d&rsquo;ann\u00e9es, l&rsquo;\u00c9cole Coranique BADR est un lieu d&rsquo;apprentissage et de spiritualit\u00e9 d\u00e9di\u00e9 \u00e0 l&rsquo;\u00e9tude du Saint Coran et des valeurs de l&rsquo;islam. Chaque ann\u00e9e, nous accueillons&hellip;","protected":false},"author":1,"featured_media":0,"comment_status":"closed","ping_status":"closed","template":"","class_list":["post-4414","cpt_services","type-cpt_services","status-publish","hentry","cpt_services_group-programmes"],"_links":{"self":[{"href":"https:\/\/centrebadr.net\/ar\/wp-json\/wp\/v2\/cpt_services\/4414","targetHints":{"allow":["GET"]}}],"collection":[{"href":"https:\/\/centrebadr.net\/ar\/wp-json\/wp\/v2\/cpt_services"}],"about":[{"href":"https:\/\/centrebadr.net\/ar\/wp-json\/wp\/v2\/types\/cpt_services"}],"author":[{"embeddable":true,"href":"https:\/\/centrebadr.net\/ar\/wp-json\/wp\/v2\/users\/1"}],"replies":[{"embeddable":true,"href":"https:\/\/centrebadr.net\/ar\/wp-json\/wp\/v2\/comments?post=4414"}],"wp:attachment":[{"href":"https:\/\/centrebadr.net\/ar\/wp-json\/wp\/v2\/media?parent=4414"}],"curies":[{"name":"wp","href":"https:\/\/api.w.org\/{rel}","templated":true}]}}