{"id":34,"date":"2017-07-10T14:41:27","date_gmt":"2017-07-10T14:41:27","guid":{"rendered":"http:\/\/centrebadr.net\/?page_id=34"},"modified":"2024-12-04T00:26:39","modified_gmt":"2024-12-04T05:26:39","slug":"our-events","status":"publish","type":"page","link":"https:\/\/centrebadr.net\/ar\/our-events\/","title":{"rendered":"Nos \u00c9v\u00e9nements"},"content":{"rendered":"<div class=\"wpb-content-wrapper\"><div class=\"vc_row wpb_row vc_row-fluid\"><div class=\"wpb_column vc_column_container vc_col-sm-12 sc_layouts_column_icons_position_left\"><div class=\"vc_column-inner\"><div class=\"wpb_wrapper\"><div id=\"sc_icons_1025205665\" \n\tclass=\"sc_icons sc_icons_default sc_icons_size_small sc_align_left  vc_custom_1507306895698\"><div class=\"sc_icons_item\"><div id=\"sc_icons_1025205665_icon-icon-shaha-00\" class=\"sc_icons_icon sc_icon_type_ icon-icon-shaha-00\"\n\t\t\t\t\t\t\t\t\t\t\t\t><span class=\"sc_icon_type_ icon-icon-shaha-00\"><\/span><\/div><\/div><\/div><!-- \/.sc_icons --><div class=\"sc_events color_style_default sc_events_default\"><h3 class=\"sc_item_title sc_events_title sc_align_left sc_item_title_style_default\">\u00c9v\u00e9nements \u00e0 venir<\/h3><div class=\"sc_events_content sc_item_content\"><span class=\"sc_events_item\"><span class=\"sc_events_item_date\">\n\t\t<span class=\"sc_events_item_day\">01<\/span>\n\t\t<span class=\"sc_events_item_md_wrap\">\n\t\t    <span class=\"sc_events_item_month\">\u0645\u0627\u064a\u0648<\/span>\n\t\t    <span class=\"sc_events_item_day_name\">\u0627\u0644\u062c\u0645\u0639\u0629<\/span>\n        <\/span>\n\t<\/span><span class=\"sc_events_item_td_wrap\"><span class=\"sc_events_item_title\">JUMU&rsquo;AH 1- Fran\u00e7ais<\/span><span class=\"sc_events_item_details\"><span class=\"sc_events_item_details_date\">01 \u0645\u0627\u064a\u0648 @ 12 \u0645 - 12 \u0645<\/span><span class=\"sc_events_item_details_venue\"><a href=\"https:\/\/centrebadr.net\/ar\/venue\/shaha-social-hall\/\" title=\"Salle Mirage\">Salle Mirage<\/a>, <span class=\"tribe-address\">\n\n<span class=\"tribe-street-address\">8604 boulevard Langelier<\/span>\n\t\n\t\t<br>\n\t\t<span class=\"tribe-locality\">Saint-L\u00e9onard<\/span><span class=\"tribe-delimiter\">,<\/span>\n\n\t<abbr class=\"tribe-region tribe-events-abbr\" title=\"QC\">QC<\/abbr>\n\n\t<span class=\"tribe-postal-code\">H1P 2Y7<\/span>\n\n\t<span class=\"tribe-country-name\">Canada<\/span>\n\n<\/span>\n<\/span><\/span><\/span><a href=\"https:\/\/centrebadr.net\/ar\/event\/friday-prayer\/2026-05-01\/\" class=\"sc_events_item_button sc_button sc_button_default sc_button_size_normal\">\n        <span class=\"sc_button_text\">\n            <span class=\"sc_button_title\">\n            Event Details            <\/span>\n        <\/span>\n    <\/a><\/span><span class=\"sc_events_item\"><span class=\"sc_events_item_date\">\n\t\t<span class=\"sc_events_item_day\">01<\/span>\n\t\t<span class=\"sc_events_item_md_wrap\">\n\t\t    <span class=\"sc_events_item_month\">\u0645\u0627\u064a\u0648<\/span>\n\t\t    <span class=\"sc_events_item_day_name\">\u0627\u0644\u062c\u0645\u0639\u0629<\/span>\n        <\/span>\n\t<\/span><span class=\"sc_events_item_td_wrap\"><span class=\"sc_events_item_title\">JUMU&rsquo;AH 2 \u2013 Pour les jeunes du secondaire<\/span><span class=\"sc_events_item_details\"><span class=\"sc_events_item_details_date\">01 \u0645\u0627\u064a\u0648 @ 12 \u0645 - 12 \u0645<\/span><span class=\"sc_events_item_details_venue\"><a href=\"https:\/\/centrebadr.net\/ar\/venue\/shaha-prayer-hall\/\" title=\"Mosqu\u00e9e Badr\">Mosqu\u00e9e Badr<\/a>, <span class=\"tribe-address\">\n\n<span class=\"tribe-street-address\">8625 Boulevard Langelier<\/span>\n\t\n\t\t<br>\n\t\t<span class=\"tribe-locality\">Saint-L\u00e9onard<\/span><span class=\"tribe-delimiter\">,<\/span>\n\n\t<abbr class=\"tribe-region tribe-events-abbr\" title=\"QC\">QC<\/abbr>\n\n\t<span class=\"tribe-postal-code\">H1P 2C6<\/span>\n\n\t<span class=\"tribe-country-name\">Canada<\/span>\n\n<\/span>\n<\/span><\/span><\/span><a href=\"https:\/\/centrebadr.net\/ar\/event\/jumuah-2-pour-les-jeunes-du-secondaire\/2026-05-01\/\" class=\"sc_events_item_button sc_button sc_button_default sc_button_size_normal\">\n        <span class=\"sc_button_text\">\n            <span class=\"sc_button_title\">\n            Event Details            <\/span>\n        <\/span>\n    <\/a><\/span><span class=\"sc_events_item\"><span class=\"sc_events_item_date\">\n\t\t<span class=\"sc_events_item_day\">01<\/span>\n\t\t<span class=\"sc_events_item_md_wrap\">\n\t\t    <span class=\"sc_events_item_month\">\u0645\u0627\u064a\u0648<\/span>\n\t\t    <span class=\"sc_events_item_day_name\">\u0627\u0644\u062c\u0645\u0639\u0629<\/span>\n        <\/span>\n\t<\/span><span class=\"sc_events_item_td_wrap\"><span class=\"sc_events_item_title\">JUMU&rsquo;AH 3- \u0628\u0627\u0644\u0639\u0631\u0628\u064a\u0629<\/span><span class=\"sc_events_item_details\"><span class=\"sc_events_item_details_date\">01 \u0645\u0627\u064a\u0648 @ 1 \u0645 - 06 \u0645\u0627\u064a\u0648 2 \u0635 \/ Recurring Event<\/span><span class=\"sc_events_item_details_venue\"><a href=\"https:\/\/centrebadr.net\/ar\/venue\/shaha-social-hall\/\" title=\"Salle Mirage\">Salle Mirage<\/a>, <span class=\"tribe-address\">\n\n<span class=\"tribe-street-address\">8604 boulevard Langelier<\/span>\n\t\n\t\t<br>\n\t\t<span class=\"tribe-locality\">Saint-L\u00e9onard<\/span><span class=\"tribe-delimiter\">,<\/span>\n\n\t<abbr class=\"tribe-region tribe-events-abbr\" title=\"QC\">QC<\/abbr>\n\n\t<span class=\"tribe-postal-code\">H1P 2Y7<\/span>\n\n\t<span class=\"tribe-country-name\">Canada<\/span>\n\n<\/span>\n<\/span><\/span><\/span><a href=\"https:\/\/centrebadr.net\/ar\/event\/jumuah-2-%d8%a8%d8%a7%d9%84%d8%b9%d8%b1%d8%a8%d9%8a%d8%a9\/2026-05-01\/\" class=\"sc_events_item_button sc_button sc_button_default sc_button_size_normal\">\n        <span class=\"sc_button_text\">\n            <span class=\"sc_button_title\">\n            Event Details            <\/span>\n        <\/span>\n    <\/a><\/span><span class=\"sc_events_item\"><span class=\"sc_events_item_date\">\n\t\t<span class=\"sc_events_item_day\">01<\/span>\n\t\t<span class=\"sc_events_item_md_wrap\">\n\t\t    <span class=\"sc_events_item_month\">\u0645\u0627\u064a\u0648<\/span>\n\t\t    <span class=\"sc_events_item_day_name\">\u0627\u0644\u062c\u0645\u0639\u0629<\/span>\n        <\/span>\n\t<\/span><span class=\"sc_events_item_td_wrap\"><span class=\"sc_events_item_title\">Mes premiers pas vers la Foi- Dr.Mohamed Aziz Chraibi<\/span><span class=\"sc_events_item_details\"><span class=\"sc_events_item_details_date\">01 \u0645\u0627\u064a\u0648 @ 6 \u0645 - 7 \u0645<\/span><span class=\"sc_events_item_details_venue\"><a href=\"https:\/\/centrebadr.net\/ar\/venue\/shaha-social-hall\/\" title=\"Salle Mirage\">Salle Mirage<\/a>, <span class=\"tribe-address\">\n\n<span class=\"tribe-street-address\">8604 boulevard Langelier<\/span>\n\t\n\t\t<br>\n\t\t<span class=\"tribe-locality\">Saint-L\u00e9onard<\/span><span class=\"tribe-delimiter\">,<\/span>\n\n\t<abbr class=\"tribe-region tribe-events-abbr\" title=\"QC\">QC<\/abbr>\n\n\t<span class=\"tribe-postal-code\">H1P 2Y7<\/span>\n\n\t<span class=\"tribe-country-name\">Canada<\/span>\n\n<\/span>\n<\/span><\/span><\/span><a href=\"https:\/\/centrebadr.net\/ar\/event\/mes-premiers-pas-vers-la-foi\/2026-05-01\/\" class=\"sc_events_item_button sc_button sc_button_default sc_button_size_normal\">\n        <span class=\"sc_button_text\">\n            <span class=\"sc_button_title\">\n            Event Details            <\/span>\n        <\/span>\n    <\/a><\/span><span class=\"sc_events_item\"><span class=\"sc_events_item_date\">\n\t\t<span class=\"sc_events_item_day\">02<\/span>\n\t\t<span class=\"sc_events_item_md_wrap\">\n\t\t    <span class=\"sc_events_item_month\">\u0645\u0627\u064a\u0648<\/span>\n\t\t    <span class=\"sc_events_item_day_name\">\u0627\u0644\u0633\u0628\u062a<\/span>\n        <\/span>\n\t<\/span><span class=\"sc_events_item_td_wrap\"><span class=\"sc_events_item_title\">Cercle hebdomadaire de lecture du Saint Coran pour les souers<\/span><span class=\"sc_events_item_details\"><span class=\"sc_events_item_details_date\">02 \u0645\u0627\u064a\u0648 @ 1 \u0645 - 4 \u0645<\/span><span class=\"sc_events_item_details_venue\"><a href=\"https:\/\/centrebadr.net\/ar\/venue\/shaha-prayer-hall\/\" title=\"Mosqu\u00e9e Badr\">Mosqu\u00e9e Badr<\/a>, <span class=\"tribe-address\">\n\n<span class=\"tribe-street-address\">8625 Boulevard Langelier<\/span>\n\t\n\t\t<br>\n\t\t<span class=\"tribe-locality\">Saint-L\u00e9onard<\/span><span class=\"tribe-delimiter\">,<\/span>\n\n\t<abbr class=\"tribe-region tribe-events-abbr\" title=\"QC\">QC<\/abbr>\n\n\t<span class=\"tribe-postal-code\">H1P 2C6<\/span>\n\n\t<span class=\"tribe-country-name\">Canada<\/span>\n\n<\/span>\n<\/span><\/span><\/span><a href=\"https:\/\/centrebadr.net\/ar\/event\/cercle-hebdomadaire-de-lecture-du-saint-coran-pour-les-souers\/2026-05-02\/\" class=\"sc_events_item_button sc_button sc_button_default sc_button_size_normal\">\n        <span class=\"sc_button_text\">\n            <span class=\"sc_button_title\">\n            Event Details            <\/span>\n        <\/span>\n    <\/a><\/span><span class=\"sc_events_item\"><span class=\"sc_events_item_date\">\n\t\t<span class=\"sc_events_item_day\">03<\/span>\n\t\t<span class=\"sc_events_item_md_wrap\">\n\t\t    <span class=\"sc_events_item_month\">\u0645\u0627\u064a\u0648<\/span>\n\t\t    <span class=\"sc_events_item_day_name\">\u0627\u0644\u0623\u062d\u062f<\/span>\n        <\/span>\n\t<\/span><span class=\"sc_events_item_td_wrap\"><span class=\"sc_events_item_title\">Conna\u00eetre Ton Proph\u00e8te<\/span><span class=\"sc_events_item_details\"><span class=\"sc_events_item_details_date\">03 \u0645\u0627\u064a\u0648 @ 10 \u0635 - 11 \u0635<\/span><span class=\"sc_events_item_details_venue\"><a href=\"https:\/\/centrebadr.net\/ar\/venue\/shaha-prayer-hall\/\" title=\"Mosqu\u00e9e Badr\">Mosqu\u00e9e Badr<\/a>, <span class=\"tribe-address\">\n\n<span class=\"tribe-street-address\">8625 Boulevard Langelier<\/span>\n\t\n\t\t<br>\n\t\t<span class=\"tribe-locality\">Saint-L\u00e9onard<\/span><span class=\"tribe-delimiter\">,<\/span>\n\n\t<abbr class=\"tribe-region tribe-events-abbr\" title=\"QC\">QC<\/abbr>\n\n\t<span class=\"tribe-postal-code\">H1P 2C6<\/span>\n\n\t<span class=\"tribe-country-name\">Canada<\/span>\n\n<\/span>\n<\/span><\/span><\/span><a href=\"https:\/\/centrebadr.net\/ar\/event\/connaitre-ton-prophete-2\/2026-05-03\/\" class=\"sc_events_item_button sc_button sc_button_default sc_button_size_normal\">\n        <span class=\"sc_button_text\">\n            <span class=\"sc_button_title\">\n            Event Details            <\/span>\n        <\/span>\n    <\/a><\/span><span class=\"sc_events_item\"><span class=\"sc_events_item_date\">\n\t\t<span class=\"sc_events_item_day\">03<\/span>\n\t\t<span class=\"sc_events_item_md_wrap\">\n\t\t    <span class=\"sc_events_item_month\">\u0645\u0627\u064a\u0648<\/span>\n\t\t    <span class=\"sc_events_item_day_name\">\u0627\u0644\u0623\u062d\u062f<\/span>\n        <\/span>\n\t<\/span><span class=\"sc_events_item_td_wrap\"><span class=\"sc_events_item_title\">JUMU&rsquo;AH 2 \u2013 Pour les jeunes du secondaire<\/span><span class=\"sc_events_item_details\"><span class=\"sc_events_item_details_date\">03 \u0645\u0627\u064a\u0648 @ 12 \u0645 - 12 \u0645<\/span><span class=\"sc_events_item_details_venue\"><a href=\"https:\/\/centrebadr.net\/ar\/venue\/shaha-prayer-hall\/\" title=\"Mosqu\u00e9e Badr\">Mosqu\u00e9e Badr<\/a>, <span class=\"tribe-address\">\n\n<span class=\"tribe-street-address\">8625 Boulevard Langelier<\/span>\n\t\n\t\t<br>\n\t\t<span class=\"tribe-locality\">Saint-L\u00e9onard<\/span><span class=\"tribe-delimiter\">,<\/span>\n\n\t<abbr class=\"tribe-region tribe-events-abbr\" title=\"QC\">QC<\/abbr>\n\n\t<span class=\"tribe-postal-code\">H1P 2C6<\/span>\n\n\t<span class=\"tribe-country-name\">Canada<\/span>\n\n<\/span>\n<\/span><\/span><\/span><a href=\"https:\/\/centrebadr.net\/ar\/event\/jumuah-2-pour-les-jeunes-du-secondaire\/2026-05-03\/\" class=\"sc_events_item_button sc_button sc_button_default sc_button_size_normal\">\n        <span class=\"sc_button_text\">\n            <span class=\"sc_button_title\">\n            Event Details            <\/span>\n        <\/span>\n    <\/a><\/span><span class=\"sc_events_item\"><span class=\"sc_events_item_date\">\n\t\t<span class=\"sc_events_item_day\">05<\/span>\n\t\t<span class=\"sc_events_item_md_wrap\">\n\t\t    <span class=\"sc_events_item_month\">\u0645\u0627\u064a\u0648<\/span>\n\t\t    <span class=\"sc_events_item_day_name\">\u0627\u0644\u062b\u0644\u0627\u062b\u0627\u0621<\/span>\n        <\/span>\n\t<\/span><span class=\"sc_events_item_td_wrap\"><span class=\"sc_events_item_title\">Cercle hebdomadaire de lecture du Saint Coran pour les souers<\/span><span class=\"sc_events_item_details\"><span class=\"sc_events_item_details_date\">05 \u0645\u0627\u064a\u0648 @ 6 \u0645 - 10 \u0645<\/span><span class=\"sc_events_item_details_venue\"><a href=\"https:\/\/centrebadr.net\/ar\/venue\/shaha-social-hall\/\" title=\"Salle Mirage\">Salle Mirage<\/a>, <span class=\"tribe-address\">\n\n<span class=\"tribe-street-address\">8604 boulevard Langelier<\/span>\n\t\n\t\t<br>\n\t\t<span class=\"tribe-locality\">Saint-L\u00e9onard<\/span><span class=\"tribe-delimiter\">,<\/span>\n\n\t<abbr class=\"tribe-region tribe-events-abbr\" title=\"QC\">QC<\/abbr>\n\n\t<span class=\"tribe-postal-code\">H1P 2Y7<\/span>\n\n\t<span class=\"tribe-country-name\">Canada<\/span>\n\n<\/span>\n<\/span><\/span><\/span><a href=\"https:\/\/centrebadr.net\/ar\/event\/cercle-hebdomadaire-de-lecture-du-saint-coran-2\/2026-05-05\/\" class=\"sc_events_item_button sc_button sc_button_default sc_button_size_normal\">\n        <span class=\"sc_button_text\">\n            <span class=\"sc_button_title\">\n            Event Details            <\/span>\n        <\/span>\n    <\/a><\/span><\/div><\/div><!-- \/.sc_events --><\/div><\/div><\/div><\/div>\n<\/div>","protected":false},"excerpt":{"rendered":"\ud83c\udf38 Le Centre Badr Islamique invite toutes les s\u0153urs \u00e0 participer \u00e0 ses activit\u00e9s f\u00e9minines englobant des cours religieux, des programmes \u00e9ducatifs et des activit\u00e9s spirituelles. Parmi ces moments b\u00e9nis figure le cercle hebdomadaire de lecture du Saint Coran, un espace chaleureux consacr\u00e9 \u00e0 la lecture, \u00e0 la m\u00e9morisation et&hellip;","protected":false},"author":1,"featured_media":0,"parent":0,"menu_order":0,"comment_status":"closed","ping_status":"closed","template":"","meta":{"footnotes":""},"class_list":["post-34","page","type-page","status-publish","hentry","cat_eventslist"],"_links":{"self":[{"href":"https:\/\/centrebadr.net\/ar\/wp-json\/wp\/v2\/pages\/34","targetHints":{"allow":["GET"]}}],"collection":[{"href":"https:\/\/centrebadr.net\/ar\/wp-json\/wp\/v2\/pages"}],"about":[{"href":"https:\/\/centrebadr.net\/ar\/wp-json\/wp\/v2\/types\/page"}],"author":[{"embeddable":true,"href":"https:\/\/centrebadr.net\/ar\/wp-json\/wp\/v2\/users\/1"}],"replies":[{"embeddable":true,"href":"https:\/\/centrebadr.net\/ar\/wp-json\/wp\/v2\/comments?post=34"}],"version-history":[{"count":5,"href":"https:\/\/centrebadr.net\/ar\/wp-json\/wp\/v2\/pages\/34\/revisions"}],"predecessor-version":[{"id":4590,"href":"https:\/\/centrebadr.net\/ar\/wp-json\/wp\/v2\/pages\/34\/revisions\/4590"}],"wp:attachment":[{"href":"https:\/\/centrebadr.net\/ar\/wp-json\/wp\/v2\/media?parent=34"}],"curies":[{"name":"wp","href":"https:\/\/api.w.org\/{rel}","templated":true}]}}